{"id":596,"date":"2021-01-25T14:12:44","date_gmt":"2021-01-25T13:12:44","guid":{"rendered":"https:\/\/www.sprachschule-aktiv-mannheim.de\/anmeldung\/"},"modified":"2021-06-05T22:07:56","modified_gmt":"2021-06-05T20:07:56","slug":"enregistrer","status":"publish","type":"page","link":"https:\/\/www.sprachschule-aktiv-mannheim.de\/fr\/enregistrer\/","title":{"rendered":"Inscrivez-vous dans notre \u00e9cole"},"content":{"rendered":"<p>[vc_row css=&#8221;.vc_custom_1486284745672{margin-top: 25px !important;padding-bottom: 30px !important;}&#8221;][vc_column][vc_column_text]<\/p>\n<h2>Inscrivez-vous dans notre \u00e9cole \u00e0 Mannheim<\/h2>\n<p>Inscrivez-vous dans notre \u00e9cole et apprenez l&#8217;allemand rapidement.[\/vc_column_text][vc_row_inner][vc_column_inner]\n<div class=\"wpcf7 no-js\" id=\"wpcf7-f598-o1\" lang=\"de-DE\" dir=\"ltr\" data-wpcf7-id=\"598\">\n<div class=\"screen-reader-response\"><p role=\"status\" aria-live=\"polite\" aria-atomic=\"true\"><\/p> <ul><\/ul><\/div>\n<form action=\"\/fr\/wp-json\/wp\/v2\/pages\/596#wpcf7-f598-o1\" method=\"post\" class=\"wpcf7-form init wpcf7-acceptance-as-validation\" aria-label=\"Kontaktformular\" novalidate=\"novalidate\" data-status=\"init\">\n<fieldset class=\"hidden-fields-container\"><input type=\"hidden\" name=\"_wpcf7\" value=\"598\" \/><input type=\"hidden\" name=\"_wpcf7_version\" value=\"6.1.5\" \/><input type=\"hidden\" name=\"_wpcf7_locale\" value=\"de_DE\" \/><input type=\"hidden\" name=\"_wpcf7_unit_tag\" value=\"wpcf7-f598-o1\" \/><input type=\"hidden\" name=\"_wpcf7_container_post\" value=\"0\" \/><input type=\"hidden\" name=\"_wpcf7_posted_data_hash\" value=\"\" \/><input type=\"hidden\" name=\"_wpcf7cf_hidden_group_fields\" value=\"[]\" \/><input type=\"hidden\" name=\"_wpcf7cf_hidden_groups\" value=\"[]\" \/><input type=\"hidden\" name=\"_wpcf7cf_visible_groups\" value=\"[]\" \/><input type=\"hidden\" name=\"_wpcf7cf_repeaters\" value=\"[]\" \/><input type=\"hidden\" name=\"_wpcf7cf_steps\" value=\"{}\" \/><input type=\"hidden\" name=\"_wpcf7cf_options\" value=\"{&quot;form_id&quot;:598,&quot;conditions&quot;:[],&quot;settings&quot;:{&quot;animation&quot;:&quot;yes&quot;,&quot;animation_intime&quot;:200,&quot;animation_outtime&quot;:200,&quot;conditions_ui&quot;:&quot;normal&quot;,&quot;notice_dismissed&quot;:false}}\" \/><input type=\"hidden\" name=\"_wpcf7_recaptcha_response\" value=\"\" \/>\n<\/fieldset>\n<p>Salutation*\n<\/p>\n<p><span class=\"wpcf7-form-control-wrap\" data-name=\"anrede\"><select class=\"wpcf7-form-control wpcf7-select\" aria-invalid=\"false\" name=\"anrede\"><option value=\"\">&#8211; Bitte ausw\u00e4hlen &#8211;<\/option><option value=\"Madame\">Madame<\/option><option value=\"Monsieur\">Monsieur<\/option><\/select><\/span>\n<\/p>\n<p>Entreprise: <span class=\"wpcf7-form-control-wrap\" data-name=\"Firma\"><input size=\"40\" maxlength=\"400\" class=\"wpcf7-form-control wpcf7-text\" aria-invalid=\"false\" value=\"\" type=\"text\" name=\"Firma\" \/><\/span>\n<\/p>\n<p>Pr\u00e9nom*: <span class=\"wpcf7-form-control-wrap\" data-name=\"Vorname\"><input size=\"40\" maxlength=\"400\" class=\"wpcf7-form-control wpcf7-text wpcf7-validates-as-required\" aria-required=\"true\" aria-invalid=\"false\" value=\"\" type=\"text\" name=\"Vorname\" \/><\/span>\n<\/p>\n<p>Nom de famille*: <span class=\"wpcf7-form-control-wrap\" data-name=\"Nachname\"><input size=\"40\" maxlength=\"400\" class=\"wpcf7-form-control wpcf7-text wpcf7-validates-as-required\" aria-required=\"true\" aria-invalid=\"false\" value=\"\" type=\"text\" name=\"Nachname\" \/><\/span>\n<\/p>\n<p>Adresse*: <span class=\"wpcf7-form-control-wrap\" data-name=\"Adresse\"><input size=\"40\" maxlength=\"400\" class=\"wpcf7-form-control wpcf7-text wpcf7-validates-as-required\" aria-required=\"true\" aria-invalid=\"false\" value=\"\" type=\"text\" name=\"Adresse\" \/><\/span>\n<\/p>\n<p>Code postal \/ Ville: <span class=\"wpcf7-form-control-wrap\" data-name=\"PLZ\"><input size=\"40\" maxlength=\"400\" class=\"wpcf7-form-control wpcf7-text wpcf7-validates-as-required\" aria-required=\"true\" aria-invalid=\"false\" value=\"\" type=\"text\" name=\"PLZ\" \/><\/span>\n<\/p>\n<p>T\u00e9l\u00e9phoner*: <span class=\"wpcf7-form-control-wrap\" data-name=\"Telefon\"><input size=\"40\" maxlength=\"400\" class=\"wpcf7-form-control wpcf7-text wpcf7-validates-as-required\" aria-required=\"true\" aria-invalid=\"false\" value=\"\" type=\"text\" name=\"Telefon\" \/><\/span>\n<\/p>\n<p>E-mail*: <span class=\"wpcf7-form-control-wrap\" data-name=\"Email\"><input size=\"40\" maxlength=\"400\" class=\"wpcf7-form-control wpcf7-email wpcf7-validates-as-required wpcf7-text wpcf7-validates-as-email medium\" aria-required=\"true\" aria-invalid=\"false\" value=\"\" type=\"email\" name=\"Email\" \/><\/span>\n<\/p>\n<p><B>Informations sur les cours: <\/b>\n<\/p>\n<p>Quelle langue voulez-vous apprendre ?* : <span class=\"wpcf7-form-control-wrap\" data-name=\"Sprache\"><input size=\"40\" maxlength=\"400\" class=\"wpcf7-form-control wpcf7-text wpcf7-validates-as-required\" aria-required=\"true\" aria-invalid=\"false\" placeholder=\"par exemple allemand, anglais, espagnol\" value=\"\" type=\"text\" name=\"Sprache\" \/><\/span>\n<\/p>\n<p>Type de cours*: <span class=\"wpcf7-form-control-wrap\" data-name=\"Kursart\"><input size=\"40\" maxlength=\"400\" class=\"wpcf7-form-control wpcf7-text wpcf7-validates-as-required\" aria-required=\"true\" aria-invalid=\"false\" placeholder=\"Ex : cours intensif, cours du soir ou cours particuliers\" value=\"\" type=\"text\" name=\"Kursart\" \/><\/span>\n<\/p>\n<p>Niveau*: <span class=\"wpcf7-form-control-wrap\" data-name=\"niveau\"><select class=\"wpcf7-form-control wpcf7-select wpcf7-validates-as-required\" aria-required=\"true\" aria-invalid=\"false\" name=\"niveau\"><option value=\"A1 (d\u00e9butant)\">A1 (d\u00e9butant)<\/option><option value=\"A2 (\u00e9l\u00e9mentaire)\">A2 (\u00e9l\u00e9mentaire)<\/option><option value=\"B1 (interm\u00e9diaire)\">B1 (interm\u00e9diaire)<\/option><option value=\"B2 (avantageux)\">B2 (avantageux)<\/option><option value=\"C1 (avanc\u00e9)\">C1 (avanc\u00e9)<\/option><option value=\"C2 (ma\u00eetrise)\">C2 (ma\u00eetrise)<\/option><\/select><\/span>\n<\/p>\n<p>D\u00e9but bien s\u00fbr*: <span class=\"wpcf7-form-control-wrap\" data-name=\"Kursbeginn\"><input class=\"wpcf7-form-control wpcf7-date wpcf7-validates-as-required wpcf7-validates-as-date\" aria-required=\"true\" aria-invalid=\"false\" value=\"\" type=\"date\" name=\"Kursbeginn\" \/><\/span>\n<\/p>\n<p>Dur\u00e9e du cours*: <span class=\"wpcf7-form-control-wrap\" data-name=\"dauer\"><input size=\"40\" maxlength=\"400\" class=\"wpcf7-form-control wpcf7-text wpcf7-validates-as-required\" aria-required=\"true\" aria-invalid=\"false\" placeholder=\"par exemple 4 semaines pour un cours intensif\" value=\"\" type=\"text\" name=\"dauer\" \/><\/span>\n<\/p>\n<p>Nombre d'heures souhait\u00e9: <span class=\"wpcf7-form-control-wrap\" data-name=\"Stundenzahl\"><input size=\"40\" maxlength=\"400\" class=\"wpcf7-form-control wpcf7-text\" aria-invalid=\"false\" value=\"\" type=\"text\" name=\"Stundenzahl\" \/><\/span>\n<\/p>\n<p><B>Paiement: <\/b>\n<\/p>\n<p>M\u00e9thodes de payement: <span class=\"wpcf7-form-control-wrap\" data-name=\"Zahlung\"><select class=\"wpcf7-form-control wpcf7-select wpcf7-validates-as-required\" aria-required=\"true\" aria-invalid=\"false\" name=\"Zahlung\"><option value=\"Bar dans nos bureaux pendant les heures d&#039;ouverture\">Bar dans nos bureaux pendant les heures d&#039;ouverture<\/option><option value=\"Transfert\">Transfert<\/option><\/select><\/span>\n<\/p>\n<p><B>Remarques, notes<\/b>\n<\/p>\n<p><span class=\"wpcf7-form-control-wrap\" data-name=\"Bemerkungen\"><textarea cols=\"40\" rows=\"10\" maxlength=\"2000\" class=\"wpcf7-form-control wpcf7-textarea\" aria-invalid=\"false\" name=\"Bemerkungen\"><\/textarea><\/span>\n<\/p>\n<div style=\"\">\n\t<p><span class=\"wpcf7-form-control-wrap\" data-name=\"agb\"><span class=\"wpcf7-form-control wpcf7-acceptance\"><span class=\"wpcf7-list-item\"><input type=\"checkbox\" name=\"agb\" value=\"1\" aria-invalid=\"false\" \/><\/span><\/span><\/span> (*) J'ai pris connaissance et j'accepte les <a href=\"https:\/\/www.sprachschule-aktiv-mannheim.de\/allgemeineoe-geschaeftsbedingungen\/\" target=\"_blank\">Conditions G\u00e9n\u00e9rales<\/a> (y compris le droit de r\u00e9tractation). J'ai pris connaissance des informations concernant la <a href=\"https:\/\/www.sprachschule-aktiv-mannheim.de\/datenschutzerklaerung\/\" target=\"_blank\">protection des donn\u00e9es<\/a>.\n\t<\/p>\n<\/div>\n<p><input class=\"wpcf7-form-control wpcf7-submit has-spinner\" type=\"submit\" value=\"Envoyer\" \/>\n<\/p><div class=\"wpcf7-response-output\" aria-hidden=\"true\"><\/div>\n<\/form>\n<\/div>\n[\/vc_column_inner][\/vc_row_inner][\/vc_column][\/vc_row]<\/p>\n","protected":false},"excerpt":{"rendered":"<p>[vc_row css=&#8221;.vc_custom_1486284745672{margin-top: 25px !important;padding-bottom: 30px !important;}&#8221;][vc_column][vc_column_text] Inscrivez-vous dans notre \u00e9cole \u00e0 Mannheim Inscrivez-vous dans notre \u00e9cole et apprenez l&#8217;allemand rapidement.[\/vc_column_text][vc_row_inner][vc_column_inner][\/vc_column_inner][\/vc_row_inner][\/vc_column][\/vc_row]<\/p>\n","protected":false},"author":1,"featured_media":0,"parent":0,"menu_order":0,"comment_status":"closed","ping_status":"closed","template":"","meta":{"footnotes":""},"class_list":["post-596","page","type-page","status-publish","hentry"],"yoast_head":"<!-- This site is optimized with the Yoast SEO plugin v27.1.1 - https:\/\/yoast.com\/product\/yoast-seo-wordpress\/ -->\n<title>Inscrivez-vous dans notre \u00e9cole et apprenez l&#039;allemand rapidement<\/title>\n<meta name=\"description\" content=\"Vous pouvez vous inscrire \u00e0 un cours de langue sur cette page. Formulaire d&#039;inscription aux cours de langue \u00e0 l&#039;\u00e9cole de langue Aktiv Mannheim.\" \/>\n<meta name=\"robots\" content=\"index, follow, max-snippet:-1, max-image-preview:large, max-video-preview:-1\" \/>\n<link rel=\"canonical\" href=\"https:\/\/www.sprachschule-aktiv-mannheim.de\/fr\/enregistrer\/\" \/>\n<meta property=\"og:locale\" content=\"fr_FR\" \/>\n<meta property=\"og:type\" content=\"article\" \/>\n<meta property=\"og:title\" content=\"Inscrivez-vous dans notre \u00e9cole et apprenez l&#039;allemand rapidement\" \/>\n<meta property=\"og:description\" content=\"Vous pouvez vous inscrire \u00e0 un cours de langue sur cette page. Formulaire d&#039;inscription aux cours de langue \u00e0 l&#039;\u00e9cole de langue Aktiv Mannheim.\" \/>\n<meta property=\"og:url\" content=\"https:\/\/www.sprachschule-aktiv-mannheim.de\/fr\/enregistrer\/\" \/>\n<meta property=\"og:site_name\" content=\"Sprachschule Aktiv Mannheim\" \/>\n<meta property=\"article:modified_time\" content=\"2021-06-05T20:07:56+00:00\" \/>\n<meta name=\"twitter:card\" content=\"summary_large_image\" \/>\n<meta name=\"twitter:label1\" content=\"Dur\u00e9e de lecture estim\u00e9e\" \/>\n\t<meta name=\"twitter:data1\" content=\"1 minute\" \/>\n<script type=\"application\/ld+json\" class=\"yoast-schema-graph\">{\"@context\":\"https:\/\/schema.org\",\"@graph\":[{\"@type\":\"WebPage\",\"@id\":\"https:\/\/www.sprachschule-aktiv-mannheim.de\/fr\/enregistrer\/\",\"url\":\"https:\/\/www.sprachschule-aktiv-mannheim.de\/fr\/enregistrer\/\",\"name\":\"Inscrivez-vous dans notre \u00e9cole et apprenez l'allemand rapidement\",\"isPartOf\":{\"@id\":\"https:\/\/www.sprachschule-aktiv-mannheim.de\/#website\"},\"datePublished\":\"2021-01-25T13:12:44+00:00\",\"dateModified\":\"2021-06-05T20:07:56+00:00\",\"description\":\"Vous pouvez vous inscrire \u00e0 un cours de langue sur cette page. Formulaire d'inscription aux cours de langue \u00e0 l'\u00e9cole de langue Aktiv Mannheim.\",\"breadcrumb\":{\"@id\":\"https:\/\/www.sprachschule-aktiv-mannheim.de\/fr\/enregistrer\/#breadcrumb\"},\"inLanguage\":\"fr-FR\",\"potentialAction\":[{\"@type\":\"ReadAction\",\"target\":[\"https:\/\/www.sprachschule-aktiv-mannheim.de\/fr\/enregistrer\/\"]}]},{\"@type\":\"BreadcrumbList\",\"@id\":\"https:\/\/www.sprachschule-aktiv-mannheim.de\/fr\/enregistrer\/#breadcrumb\",\"itemListElement\":[{\"@type\":\"ListItem\",\"position\":1,\"name\":\"Startseite\",\"item\":\"https:\/\/www.sprachschule-aktiv-mannheim.de\/\"},{\"@type\":\"ListItem\",\"position\":2,\"name\":\"Inscrivez-vous dans notre \u00e9cole\"}]},{\"@type\":\"WebSite\",\"@id\":\"https:\/\/www.sprachschule-aktiv-mannheim.de\/#website\",\"url\":\"https:\/\/www.sprachschule-aktiv-mannheim.de\/\",\"name\":\"Sprachschule Aktiv Mannheim\",\"description\":\"\",\"potentialAction\":[{\"@type\":\"SearchAction\",\"target\":{\"@type\":\"EntryPoint\",\"urlTemplate\":\"https:\/\/www.sprachschule-aktiv-mannheim.de\/?s={search_term_string}\"},\"query-input\":{\"@type\":\"PropertyValueSpecification\",\"valueRequired\":true,\"valueName\":\"search_term_string\"}}],\"inLanguage\":\"fr-FR\"}]}<\/script>\n<!-- \/ Yoast SEO plugin. -->","yoast_head_json":{"title":"Inscrivez-vous dans notre \u00e9cole et apprenez l'allemand rapidement","description":"Vous pouvez vous inscrire \u00e0 un cours de langue sur cette page. Formulaire d'inscription aux cours de langue \u00e0 l'\u00e9cole de langue Aktiv Mannheim.","robots":{"index":"index","follow":"follow","max-snippet":"max-snippet:-1","max-image-preview":"max-image-preview:large","max-video-preview":"max-video-preview:-1"},"canonical":"https:\/\/www.sprachschule-aktiv-mannheim.de\/fr\/enregistrer\/","og_locale":"fr_FR","og_type":"article","og_title":"Inscrivez-vous dans notre \u00e9cole et apprenez l'allemand rapidement","og_description":"Vous pouvez vous inscrire \u00e0 un cours de langue sur cette page. Formulaire d'inscription aux cours de langue \u00e0 l'\u00e9cole de langue Aktiv Mannheim.","og_url":"https:\/\/www.sprachschule-aktiv-mannheim.de\/fr\/enregistrer\/","og_site_name":"Sprachschule Aktiv Mannheim","article_modified_time":"2021-06-05T20:07:56+00:00","twitter_card":"summary_large_image","twitter_misc":{"Dur\u00e9e de lecture estim\u00e9e":"1 minute"},"schema":{"@context":"https:\/\/schema.org","@graph":[{"@type":"WebPage","@id":"https:\/\/www.sprachschule-aktiv-mannheim.de\/fr\/enregistrer\/","url":"https:\/\/www.sprachschule-aktiv-mannheim.de\/fr\/enregistrer\/","name":"Inscrivez-vous dans notre \u00e9cole et apprenez l'allemand rapidement","isPartOf":{"@id":"https:\/\/www.sprachschule-aktiv-mannheim.de\/#website"},"datePublished":"2021-01-25T13:12:44+00:00","dateModified":"2021-06-05T20:07:56+00:00","description":"Vous pouvez vous inscrire \u00e0 un cours de langue sur cette page. Formulaire d'inscription aux cours de langue \u00e0 l'\u00e9cole de langue Aktiv Mannheim.","breadcrumb":{"@id":"https:\/\/www.sprachschule-aktiv-mannheim.de\/fr\/enregistrer\/#breadcrumb"},"inLanguage":"fr-FR","potentialAction":[{"@type":"ReadAction","target":["https:\/\/www.sprachschule-aktiv-mannheim.de\/fr\/enregistrer\/"]}]},{"@type":"BreadcrumbList","@id":"https:\/\/www.sprachschule-aktiv-mannheim.de\/fr\/enregistrer\/#breadcrumb","itemListElement":[{"@type":"ListItem","position":1,"name":"Startseite","item":"https:\/\/www.sprachschule-aktiv-mannheim.de\/"},{"@type":"ListItem","position":2,"name":"Inscrivez-vous dans notre \u00e9cole"}]},{"@type":"WebSite","@id":"https:\/\/www.sprachschule-aktiv-mannheim.de\/#website","url":"https:\/\/www.sprachschule-aktiv-mannheim.de\/","name":"Sprachschule Aktiv Mannheim","description":"","potentialAction":[{"@type":"SearchAction","target":{"@type":"EntryPoint","urlTemplate":"https:\/\/www.sprachschule-aktiv-mannheim.de\/?s={search_term_string}"},"query-input":{"@type":"PropertyValueSpecification","valueRequired":true,"valueName":"search_term_string"}}],"inLanguage":"fr-FR"}]}},"_links":{"self":[{"href":"https:\/\/www.sprachschule-aktiv-mannheim.de\/fr\/wp-json\/wp\/v2\/pages\/596","targetHints":{"allow":["GET"]}}],"collection":[{"href":"https:\/\/www.sprachschule-aktiv-mannheim.de\/fr\/wp-json\/wp\/v2\/pages"}],"about":[{"href":"https:\/\/www.sprachschule-aktiv-mannheim.de\/fr\/wp-json\/wp\/v2\/types\/page"}],"author":[{"embeddable":true,"href":"https:\/\/www.sprachschule-aktiv-mannheim.de\/fr\/wp-json\/wp\/v2\/users\/1"}],"replies":[{"embeddable":true,"href":"https:\/\/www.sprachschule-aktiv-mannheim.de\/fr\/wp-json\/wp\/v2\/comments?post=596"}],"version-history":[{"count":3,"href":"https:\/\/www.sprachschule-aktiv-mannheim.de\/fr\/wp-json\/wp\/v2\/pages\/596\/revisions"}],"predecessor-version":[{"id":600,"href":"https:\/\/www.sprachschule-aktiv-mannheim.de\/fr\/wp-json\/wp\/v2\/pages\/596\/revisions\/600"}],"wp:attachment":[{"href":"https:\/\/www.sprachschule-aktiv-mannheim.de\/fr\/wp-json\/wp\/v2\/media?parent=596"}],"curies":[{"name":"wp","href":"https:\/\/api.w.org\/{rel}","templated":true}]}}